{"id":3996,"date":"2024-11-27T19:57:05","date_gmt":"2024-11-27T17:57:05","guid":{"rendered":"https:\/\/www.espacegraphique.com\/blog\/?page_id=3996"},"modified":"2024-12-01T14:47:03","modified_gmt":"2024-12-01T12:47:03","slug":"photos-dorchidacees","status":"publish","type":"page","link":"https:\/\/www.espacegraphique.com\/blog\/photos-dorchidacees","title":{"rendered":"Photos d&rsquo;Orchidac\u00e9es"},"content":{"rendered":"\n<p><a href=\"https:\/\/www.espacegraphique.com\/orchidacees\/orchidacees.php\" title=\"\">Description de la famille des Orchidac\u00e9es<\/a> &gt; Photos<\/p>\n\n\n\n<p>Du Vanda vivant hors sol au Paphiopedilum, voici quelques photos d&rsquo;orchid\u00e9es vendues chez les fleuristes.<\/p>\n\n\n\n<figure class=\"wp-block-gallery has-nested-images columns-default is-cropped wp-block-gallery-1 is-layout-flex wp-block-gallery-is-layout-flex\">\n<figure class=\"wp-block-image size-large\"><a href=\"https:\/\/www.espacegraphique.com\/blog\/wp-content\/uploads\/2024\/11\/30-1.jpg\"><img loading=\"lazy\" decoding=\"async\" width=\"640\" height=\"480\" data-id=\"4027\" src=\"https:\/\/www.espacegraphique.com\/blog\/wp-content\/uploads\/2024\/11\/30-1.jpg\" alt=\"\" class=\"wp-image-4027\" srcset=\"https:\/\/www.espacegraphique.com\/blog\/wp-content\/uploads\/2024\/11\/30-1.jpg 640w, https:\/\/www.espacegraphique.com\/blog\/wp-content\/uploads\/2024\/11\/30-1-300x225.jpg 300w\" sizes=\"auto, (max-width: 640px) 100vw, 640px\" \/><\/a><figcaption class=\"wp-element-caption\">Ouverture d&rsquo;un Vanda<\/figcaption><\/figure>\n\n\n\n<figure class=\"wp-block-image size-large\"><a href=\"https:\/\/www.espacegraphique.com\/blog\/wp-content\/uploads\/2024\/11\/29-1.jpg\"><img loading=\"lazy\" decoding=\"async\" width=\"480\" height=\"640\" data-id=\"4026\" src=\"https:\/\/www.espacegraphique.com\/blog\/wp-content\/uploads\/2024\/11\/29-1.jpg\" alt=\"\" class=\"wp-image-4026\" srcset=\"https:\/\/www.espacegraphique.com\/blog\/wp-content\/uploads\/2024\/11\/29-1.jpg 480w, https:\/\/www.espacegraphique.com\/blog\/wp-content\/uploads\/2024\/11\/29-1-225x300.jpg 225w\" sizes=\"auto, (max-width: 480px) 100vw, 480px\" \/><\/a><figcaption class=\"wp-element-caption\">Vanda en panier<\/figcaption><\/figure>\n\n\n\n<figure class=\"wp-block-image size-large\"><a href=\"https:\/\/www.espacegraphique.com\/blog\/wp-content\/uploads\/2024\/11\/28-1.jpg\"><img loading=\"lazy\" decoding=\"async\" width=\"640\" height=\"480\" data-id=\"4025\" src=\"https:\/\/www.espacegraphique.com\/blog\/wp-content\/uploads\/2024\/11\/28-1.jpg\" alt=\"\" class=\"wp-image-4025\" srcset=\"https:\/\/www.espacegraphique.com\/blog\/wp-content\/uploads\/2024\/11\/28-1.jpg 640w, https:\/\/www.espacegraphique.com\/blog\/wp-content\/uploads\/2024\/11\/28-1-300x225.jpg 300w\" sizes=\"auto, (max-width: 640px) 100vw, 640px\" \/><\/a><figcaption class=\"wp-element-caption\">Vanda et Syrphe<\/figcaption><\/figure>\n\n\n\n<figure class=\"wp-block-image size-large\"><a href=\"https:\/\/www.espacegraphique.com\/blog\/wp-content\/uploads\/2024\/11\/26-4.jpg\"><img loading=\"lazy\" decoding=\"async\" width=\"480\" height=\"640\" data-id=\"4023\" src=\"https:\/\/www.espacegraphique.com\/blog\/wp-content\/uploads\/2024\/11\/26-4.jpg\" alt=\"\" class=\"wp-image-4023\" srcset=\"https:\/\/www.espacegraphique.com\/blog\/wp-content\/uploads\/2024\/11\/26-4.jpg 480w, https:\/\/www.espacegraphique.com\/blog\/wp-content\/uploads\/2024\/11\/26-4-225x300.jpg 225w\" sizes=\"auto, (max-width: 480px) 100vw, 480px\" \/><\/a><figcaption class=\"wp-element-caption\">Vanda &#8211; Cre\u0300me macule\u0301 rouge<\/figcaption><\/figure>\n\n\n\n<figure class=\"wp-block-image size-large\"><a href=\"https:\/\/www.espacegraphique.com\/blog\/wp-content\/uploads\/2024\/11\/25-3.jpg\"><img loading=\"lazy\" decoding=\"async\" width=\"640\" height=\"480\" data-id=\"4022\" src=\"https:\/\/www.espacegraphique.com\/blog\/wp-content\/uploads\/2024\/11\/25-3.jpg\" alt=\"\" class=\"wp-image-4022\" srcset=\"https:\/\/www.espacegraphique.com\/blog\/wp-content\/uploads\/2024\/11\/25-3.jpg 640w, https:\/\/www.espacegraphique.com\/blog\/wp-content\/uploads\/2024\/11\/25-3-300x225.jpg 300w\" sizes=\"auto, (max-width: 640px) 100vw, 640px\" \/><\/a><figcaption class=\"wp-element-caption\">Vanda Yellow Magic<\/figcaption><\/figure>\n\n\n\n<figure class=\"wp-block-image size-large\"><a href=\"https:\/\/www.espacegraphique.com\/blog\/wp-content\/uploads\/2024\/11\/24-5.jpg\"><img loading=\"lazy\" decoding=\"async\" width=\"640\" height=\"480\" data-id=\"4021\" src=\"https:\/\/www.espacegraphique.com\/blog\/wp-content\/uploads\/2024\/11\/24-5.jpg\" alt=\"\" class=\"wp-image-4021\" srcset=\"https:\/\/www.espacegraphique.com\/blog\/wp-content\/uploads\/2024\/11\/24-5.jpg 640w, https:\/\/www.espacegraphique.com\/blog\/wp-content\/uploads\/2024\/11\/24-5-300x225.jpg 300w\" sizes=\"auto, (max-width: 640px) 100vw, 640px\" \/><\/a><figcaption class=\"wp-element-caption\">Vanda Black Magic<\/figcaption><\/figure>\n\n\n\n<figure class=\"wp-block-image size-large\"><a href=\"https:\/\/www.espacegraphique.com\/blog\/wp-content\/uploads\/2024\/11\/23-5.jpg\"><img loading=\"lazy\" decoding=\"async\" width=\"480\" height=\"640\" data-id=\"4020\" src=\"https:\/\/www.espacegraphique.com\/blog\/wp-content\/uploads\/2024\/11\/23-5.jpg\" alt=\"\" class=\"wp-image-4020\" srcset=\"https:\/\/www.espacegraphique.com\/blog\/wp-content\/uploads\/2024\/11\/23-5.jpg 480w, https:\/\/www.espacegraphique.com\/blog\/wp-content\/uploads\/2024\/11\/23-5-225x300.jpg 225w\" sizes=\"auto, (max-width: 480px) 100vw, 480px\" \/><\/a><figcaption class=\"wp-element-caption\">Vanilla (Vanille) &#8211; Liane sur un mur<\/figcaption><\/figure>\n\n\n\n<figure class=\"wp-block-image size-large\"><a href=\"https:\/\/www.espacegraphique.com\/blog\/wp-content\/uploads\/2024\/11\/22-5.jpg\"><img loading=\"lazy\" decoding=\"async\" width=\"480\" height=\"640\" data-id=\"4019\" src=\"https:\/\/www.espacegraphique.com\/blog\/wp-content\/uploads\/2024\/11\/22-5.jpg\" alt=\"\" class=\"wp-image-4019\" srcset=\"https:\/\/www.espacegraphique.com\/blog\/wp-content\/uploads\/2024\/11\/22-5.jpg 480w, https:\/\/www.espacegraphique.com\/blog\/wp-content\/uploads\/2024\/11\/22-5-225x300.jpg 225w\" sizes=\"auto, (max-width: 480px) 100vw, 480px\" \/><\/a><figcaption class=\"wp-element-caption\">Pseudobulbes d&rsquo;orchide\u0301e<\/figcaption><\/figure>\n\n\n\n<figure class=\"wp-block-image size-large\"><a href=\"https:\/\/www.espacegraphique.com\/blog\/wp-content\/uploads\/2024\/11\/21-5.jpg\"><img loading=\"lazy\" decoding=\"async\" width=\"480\" height=\"640\" data-id=\"4018\" src=\"https:\/\/www.espacegraphique.com\/blog\/wp-content\/uploads\/2024\/11\/21-5.jpg\" alt=\"\" class=\"wp-image-4018\" srcset=\"https:\/\/www.espacegraphique.com\/blog\/wp-content\/uploads\/2024\/11\/21-5.jpg 480w, https:\/\/www.espacegraphique.com\/blog\/wp-content\/uploads\/2024\/11\/21-5-225x300.jpg 225w\" sizes=\"auto, (max-width: 480px) 100vw, 480px\" \/><\/a><figcaption class=\"wp-element-caption\">Cymbidium &#8211; Hampes<\/figcaption><\/figure>\n\n\n\n<figure class=\"wp-block-image size-large\"><a href=\"https:\/\/www.espacegraphique.com\/blog\/wp-content\/uploads\/2024\/11\/20-5.jpg\"><img loading=\"lazy\" decoding=\"async\" width=\"640\" height=\"480\" data-id=\"4017\" src=\"https:\/\/www.espacegraphique.com\/blog\/wp-content\/uploads\/2024\/11\/20-5.jpg\" alt=\"\" class=\"wp-image-4017\" srcset=\"https:\/\/www.espacegraphique.com\/blog\/wp-content\/uploads\/2024\/11\/20-5.jpg 640w, https:\/\/www.espacegraphique.com\/blog\/wp-content\/uploads\/2024\/11\/20-5-300x225.jpg 300w\" sizes=\"auto, (max-width: 640px) 100vw, 640px\" \/><\/a><figcaption class=\"wp-element-caption\">Cymbidium &#8211; Vert<\/figcaption><\/figure>\n\n\n\n<figure class=\"wp-block-image size-large\"><a href=\"https:\/\/www.espacegraphique.com\/blog\/wp-content\/uploads\/2024\/11\/19-4.jpg\"><img loading=\"lazy\" decoding=\"async\" width=\"640\" height=\"480\" data-id=\"4016\" src=\"https:\/\/www.espacegraphique.com\/blog\/wp-content\/uploads\/2024\/11\/19-4.jpg\" alt=\"\" class=\"wp-image-4016\" srcset=\"https:\/\/www.espacegraphique.com\/blog\/wp-content\/uploads\/2024\/11\/19-4.jpg 640w, https:\/\/www.espacegraphique.com\/blog\/wp-content\/uploads\/2024\/11\/19-4-300x225.jpg 300w\" sizes=\"auto, (max-width: 640px) 100vw, 640px\" \/><\/a><figcaption class=\"wp-element-caption\">Cymbidium &#8211; Rose sombre<\/figcaption><\/figure>\n\n\n\n<figure class=\"wp-block-image size-large\"><a href=\"https:\/\/www.espacegraphique.com\/blog\/wp-content\/uploads\/2024\/11\/18-6.jpg\"><img loading=\"lazy\" decoding=\"async\" width=\"640\" height=\"480\" data-id=\"4015\" src=\"https:\/\/www.espacegraphique.com\/blog\/wp-content\/uploads\/2024\/11\/18-6.jpg\" alt=\"\" class=\"wp-image-4015\" srcset=\"https:\/\/www.espacegraphique.com\/blog\/wp-content\/uploads\/2024\/11\/18-6.jpg 640w, https:\/\/www.espacegraphique.com\/blog\/wp-content\/uploads\/2024\/11\/18-6-300x225.jpg 300w\" sizes=\"auto, (max-width: 640px) 100vw, 640px\" \/><\/a><figcaption class=\"wp-element-caption\">Cymbidium &#8211; Vert labelle blanc et rouge<\/figcaption><\/figure>\n\n\n\n<figure class=\"wp-block-image size-large\"><a href=\"https:\/\/www.espacegraphique.com\/blog\/wp-content\/uploads\/2024\/11\/17-6.jpg\"><img loading=\"lazy\" decoding=\"async\" width=\"480\" height=\"640\" data-id=\"4014\" src=\"https:\/\/www.espacegraphique.com\/blog\/wp-content\/uploads\/2024\/11\/17-6.jpg\" alt=\"\" class=\"wp-image-4014\" srcset=\"https:\/\/www.espacegraphique.com\/blog\/wp-content\/uploads\/2024\/11\/17-6.jpg 480w, https:\/\/www.espacegraphique.com\/blog\/wp-content\/uploads\/2024\/11\/17-6-225x300.jpg 225w\" sizes=\"auto, (max-width: 480px) 100vw, 480px\" \/><\/a><figcaption class=\"wp-element-caption\">Bletilla Striata<\/figcaption><\/figure>\n\n\n\n<figure class=\"wp-block-image size-large\"><a href=\"https:\/\/www.espacegraphique.com\/blog\/wp-content\/uploads\/2024\/11\/16-6.jpg\"><img loading=\"lazy\" decoding=\"async\" width=\"640\" height=\"480\" data-id=\"4013\" src=\"https:\/\/www.espacegraphique.com\/blog\/wp-content\/uploads\/2024\/11\/16-6.jpg\" alt=\"\" class=\"wp-image-4013\" srcset=\"https:\/\/www.espacegraphique.com\/blog\/wp-content\/uploads\/2024\/11\/16-6.jpg 640w, https:\/\/www.espacegraphique.com\/blog\/wp-content\/uploads\/2024\/11\/16-6-300x225.jpg 300w\" sizes=\"auto, (max-width: 640px) 100vw, 640px\" \/><\/a><figcaption class=\"wp-element-caption\">Bletilla Striata &#8211; Blanche et rose<\/figcaption><\/figure>\n\n\n\n<figure class=\"wp-block-image size-large\"><a href=\"https:\/\/www.espacegraphique.com\/blog\/wp-content\/uploads\/2024\/11\/15-6.jpg\"><img loading=\"lazy\" decoding=\"async\" width=\"640\" height=\"480\" data-id=\"4012\" src=\"https:\/\/www.espacegraphique.com\/blog\/wp-content\/uploads\/2024\/11\/15-6.jpg\" alt=\"\" class=\"wp-image-4012\" srcset=\"https:\/\/www.espacegraphique.com\/blog\/wp-content\/uploads\/2024\/11\/15-6.jpg 640w, https:\/\/www.espacegraphique.com\/blog\/wp-content\/uploads\/2024\/11\/15-6-300x225.jpg 300w\" sizes=\"auto, (max-width: 640px) 100vw, 640px\" \/><\/a><figcaption class=\"wp-element-caption\">Aeranthes arachnites<\/figcaption><\/figure>\n\n\n\n<figure class=\"wp-block-image size-large\"><a href=\"https:\/\/www.espacegraphique.com\/blog\/wp-content\/uploads\/2024\/11\/14-7.jpg\"><img loading=\"lazy\" decoding=\"async\" width=\"640\" height=\"480\" data-id=\"4011\" src=\"https:\/\/www.espacegraphique.com\/blog\/wp-content\/uploads\/2024\/11\/14-7.jpg\" alt=\"\" class=\"wp-image-4011\" srcset=\"https:\/\/www.espacegraphique.com\/blog\/wp-content\/uploads\/2024\/11\/14-7.jpg 640w, https:\/\/www.espacegraphique.com\/blog\/wp-content\/uploads\/2024\/11\/14-7-300x225.jpg 300w\" sizes=\"auto, (max-width: 640px) 100vw, 640px\" \/><\/a><figcaption class=\"wp-element-caption\">Cattleya &#8211; Blanc en pot<\/figcaption><\/figure>\n\n\n\n<figure class=\"wp-block-image size-large\"><a href=\"https:\/\/www.espacegraphique.com\/blog\/wp-content\/uploads\/2024\/11\/13-7.jpg\"><img loading=\"lazy\" decoding=\"async\" width=\"640\" height=\"480\" data-id=\"4010\" src=\"https:\/\/www.espacegraphique.com\/blog\/wp-content\/uploads\/2024\/11\/13-7.jpg\" alt=\"\" class=\"wp-image-4010\" srcset=\"https:\/\/www.espacegraphique.com\/blog\/wp-content\/uploads\/2024\/11\/13-7.jpg 640w, https:\/\/www.espacegraphique.com\/blog\/wp-content\/uploads\/2024\/11\/13-7-300x225.jpg 300w\" sizes=\"auto, (max-width: 640px) 100vw, 640px\" \/><\/a><figcaption class=\"wp-element-caption\">Cattleya &#8211; Blanc \u00e0 labelle pourpre<\/figcaption><\/figure>\n\n\n\n<figure class=\"wp-block-image size-large\"><a href=\"https:\/\/www.espacegraphique.com\/blog\/wp-content\/uploads\/2024\/11\/12-10.jpg\"><img loading=\"lazy\" decoding=\"async\" width=\"480\" height=\"640\" data-id=\"4009\" src=\"https:\/\/www.espacegraphique.com\/blog\/wp-content\/uploads\/2024\/11\/12-10.jpg\" alt=\"\" class=\"wp-image-4009\" srcset=\"https:\/\/www.espacegraphique.com\/blog\/wp-content\/uploads\/2024\/11\/12-10.jpg 480w, https:\/\/www.espacegraphique.com\/blog\/wp-content\/uploads\/2024\/11\/12-10-225x300.jpg 225w\" sizes=\"auto, (max-width: 480px) 100vw, 480px\" \/><\/a><figcaption class=\"wp-element-caption\">Coelogyne pandurata (Orchide\u0301e noire)<\/figcaption><\/figure>\n\n\n\n<figure class=\"wp-block-image size-large\"><a href=\"https:\/\/www.espacegraphique.com\/blog\/wp-content\/uploads\/2024\/11\/11-11.jpg\"><img loading=\"lazy\" decoding=\"async\" width=\"480\" height=\"640\" data-id=\"4008\" src=\"https:\/\/www.espacegraphique.com\/blog\/wp-content\/uploads\/2024\/11\/11-11.jpg\" alt=\"\" class=\"wp-image-4008\" srcset=\"https:\/\/www.espacegraphique.com\/blog\/wp-content\/uploads\/2024\/11\/11-11.jpg 480w, https:\/\/www.espacegraphique.com\/blog\/wp-content\/uploads\/2024\/11\/11-11-225x300.jpg 225w\" sizes=\"auto, (max-width: 480px) 100vw, 480px\" \/><\/a><figcaption class=\"wp-element-caption\">Miltonia &#8211; Pourpre<\/figcaption><\/figure>\n\n\n\n<figure class=\"wp-block-image size-large\"><a href=\"https:\/\/www.espacegraphique.com\/blog\/wp-content\/uploads\/2024\/11\/10-11.jpg\"><img loading=\"lazy\" decoding=\"async\" width=\"480\" height=\"640\" data-id=\"4007\" src=\"https:\/\/www.espacegraphique.com\/blog\/wp-content\/uploads\/2024\/11\/10-11.jpg\" alt=\"\" class=\"wp-image-4007\" srcset=\"https:\/\/www.espacegraphique.com\/blog\/wp-content\/uploads\/2024\/11\/10-11.jpg 480w, https:\/\/www.espacegraphique.com\/blog\/wp-content\/uploads\/2024\/11\/10-11-225x300.jpg 225w\" sizes=\"auto, (max-width: 480px) 100vw, 480px\" \/><\/a><figcaption class=\"wp-element-caption\">Miltonia &#8211; Blanc et fushia sombre<\/figcaption><\/figure>\n\n\n\n<figure class=\"wp-block-image size-large\"><a href=\"https:\/\/www.espacegraphique.com\/blog\/wp-content\/uploads\/2024\/11\/9-12.jpg\"><img loading=\"lazy\" decoding=\"async\" width=\"480\" height=\"640\" data-id=\"4006\" src=\"https:\/\/www.espacegraphique.com\/blog\/wp-content\/uploads\/2024\/11\/9-12.jpg\" alt=\"\" class=\"wp-image-4006\" srcset=\"https:\/\/www.espacegraphique.com\/blog\/wp-content\/uploads\/2024\/11\/9-12.jpg 480w, https:\/\/www.espacegraphique.com\/blog\/wp-content\/uploads\/2024\/11\/9-12-225x300.jpg 225w\" sizes=\"auto, (max-width: 480px) 100vw, 480px\" \/><\/a><figcaption class=\"wp-element-caption\">Dendrobium &#8211; Blanc<\/figcaption><\/figure>\n\n\n\n<figure class=\"wp-block-image size-large\"><a href=\"https:\/\/www.espacegraphique.com\/blog\/wp-content\/uploads\/2024\/11\/8-12.jpg\"><img loading=\"lazy\" decoding=\"async\" width=\"480\" height=\"640\" data-id=\"4005\" src=\"https:\/\/www.espacegraphique.com\/blog\/wp-content\/uploads\/2024\/11\/8-12.jpg\" alt=\"\" class=\"wp-image-4005\" srcset=\"https:\/\/www.espacegraphique.com\/blog\/wp-content\/uploads\/2024\/11\/8-12.jpg 480w, https:\/\/www.espacegraphique.com\/blog\/wp-content\/uploads\/2024\/11\/8-12-225x300.jpg 225w\" sizes=\"auto, (max-width: 480px) 100vw, 480px\" \/><\/a><figcaption class=\"wp-element-caption\">Dendrobium nobile &lsquo;Comet King Akatsuki&rsquo;<\/figcaption><\/figure>\n\n\n\n<figure class=\"wp-block-image size-large\"><a href=\"https:\/\/www.espacegraphique.com\/blog\/wp-content\/uploads\/2024\/11\/7-14.jpg\"><img loading=\"lazy\" decoding=\"async\" width=\"480\" height=\"640\" data-id=\"4004\" src=\"https:\/\/www.espacegraphique.com\/blog\/wp-content\/uploads\/2024\/11\/7-14.jpg\" alt=\"\" class=\"wp-image-4004\" srcset=\"https:\/\/www.espacegraphique.com\/blog\/wp-content\/uploads\/2024\/11\/7-14.jpg 480w, https:\/\/www.espacegraphique.com\/blog\/wp-content\/uploads\/2024\/11\/7-14-225x300.jpg 225w\" sizes=\"auto, (max-width: 480px) 100vw, 480px\" \/><\/a><figcaption class=\"wp-element-caption\">Oncidium &#8211; Jaune tigre\u0301 brun<\/figcaption><\/figure>\n\n\n\n<figure class=\"wp-block-image size-large\"><a href=\"https:\/\/www.espacegraphique.com\/blog\/wp-content\/uploads\/2024\/11\/6-13.jpg\"><img loading=\"lazy\" decoding=\"async\" width=\"480\" height=\"640\" data-id=\"4003\" src=\"https:\/\/www.espacegraphique.com\/blog\/wp-content\/uploads\/2024\/11\/6-13.jpg\" alt=\"\" class=\"wp-image-4003\" srcset=\"https:\/\/www.espacegraphique.com\/blog\/wp-content\/uploads\/2024\/11\/6-13.jpg 480w, https:\/\/www.espacegraphique.com\/blog\/wp-content\/uploads\/2024\/11\/6-13-225x300.jpg 225w\" sizes=\"auto, (max-width: 480px) 100vw, 480px\" \/><\/a><figcaption class=\"wp-element-caption\">Zygopetalum &#8211; Re\u0301supination<\/figcaption><\/figure>\n\n\n\n<figure class=\"wp-block-image size-large\"><a href=\"https:\/\/www.espacegraphique.com\/blog\/wp-content\/uploads\/2024\/11\/5-14.jpg\"><img loading=\"lazy\" decoding=\"async\" width=\"640\" height=\"480\" data-id=\"4002\" src=\"https:\/\/www.espacegraphique.com\/blog\/wp-content\/uploads\/2024\/11\/5-14.jpg\" alt=\"\" class=\"wp-image-4002\" srcset=\"https:\/\/www.espacegraphique.com\/blog\/wp-content\/uploads\/2024\/11\/5-14.jpg 640w, https:\/\/www.espacegraphique.com\/blog\/wp-content\/uploads\/2024\/11\/5-14-300x225.jpg 300w\" sizes=\"auto, (max-width: 640px) 100vw, 640px\" \/><\/a><figcaption class=\"wp-element-caption\">Pseudobulbe<\/figcaption><\/figure>\n\n\n\n<figure class=\"wp-block-image size-large\"><a href=\"https:\/\/www.espacegraphique.com\/blog\/wp-content\/uploads\/2024\/11\/4-14.jpg\"><img loading=\"lazy\" decoding=\"async\" width=\"640\" height=\"480\" data-id=\"4001\" src=\"https:\/\/www.espacegraphique.com\/blog\/wp-content\/uploads\/2024\/11\/4-14.jpg\" alt=\"\" class=\"wp-image-4001\" srcset=\"https:\/\/www.espacegraphique.com\/blog\/wp-content\/uploads\/2024\/11\/4-14.jpg 640w, https:\/\/www.espacegraphique.com\/blog\/wp-content\/uploads\/2024\/11\/4-14-300x225.jpg 300w\" sizes=\"auto, (max-width: 640px) 100vw, 640px\" \/><\/a><figcaption class=\"wp-element-caption\">Ondotoglossum &#8211; Pe\u0301tales jaunes macule\u0301s de brun<\/figcaption><\/figure>\n\n\n\n<figure class=\"wp-block-image size-large\"><a href=\"https:\/\/www.espacegraphique.com\/blog\/wp-content\/uploads\/2024\/11\/3-13.jpg\"><img loading=\"lazy\" decoding=\"async\" width=\"640\" height=\"480\" data-id=\"4000\" src=\"https:\/\/www.espacegraphique.com\/blog\/wp-content\/uploads\/2024\/11\/3-13.jpg\" alt=\"\" class=\"wp-image-4000\" srcset=\"https:\/\/www.espacegraphique.com\/blog\/wp-content\/uploads\/2024\/11\/3-13.jpg 640w, https:\/\/www.espacegraphique.com\/blog\/wp-content\/uploads\/2024\/11\/3-13-300x225.jpg 300w\" sizes=\"auto, (max-width: 640px) 100vw, 640px\" \/><\/a><figcaption class=\"wp-element-caption\">Paphiopedilum maudiae<\/figcaption><\/figure>\n\n\n\n<figure class=\"wp-block-image size-large\"><a href=\"https:\/\/www.espacegraphique.com\/blog\/wp-content\/uploads\/2024\/11\/2-14.jpg\"><img loading=\"lazy\" decoding=\"async\" width=\"480\" height=\"640\" data-id=\"3999\" src=\"https:\/\/www.espacegraphique.com\/blog\/wp-content\/uploads\/2024\/11\/2-14.jpg\" alt=\"\" class=\"wp-image-3999\" srcset=\"https:\/\/www.espacegraphique.com\/blog\/wp-content\/uploads\/2024\/11\/2-14.jpg 480w, https:\/\/www.espacegraphique.com\/blog\/wp-content\/uploads\/2024\/11\/2-14-225x300.jpg 225w\" sizes=\"auto, (max-width: 480px) 100vw, 480px\" \/><\/a><figcaption class=\"wp-element-caption\">Paphiopedilum insigne &#8211; profil<\/figcaption><\/figure>\n\n\n\n<figure class=\"wp-block-image size-large\"><a href=\"https:\/\/www.espacegraphique.com\/blog\/wp-content\/uploads\/2024\/11\/1-14.jpg\"><img loading=\"lazy\" decoding=\"async\" width=\"480\" height=\"640\" data-id=\"3998\" src=\"https:\/\/www.espacegraphique.com\/blog\/wp-content\/uploads\/2024\/11\/1-14.jpg\" alt=\"\" class=\"wp-image-3998\" srcset=\"https:\/\/www.espacegraphique.com\/blog\/wp-content\/uploads\/2024\/11\/1-14.jpg 480w, https:\/\/www.espacegraphique.com\/blog\/wp-content\/uploads\/2024\/11\/1-14-225x300.jpg 225w\" sizes=\"auto, (max-width: 480px) 100vw, 480px\" \/><\/a><figcaption class=\"wp-element-caption\">Paphiopedilum &#8211; Vert<\/figcaption><\/figure>\n<\/figure>\n\n\n\n<p><\/p>\n\n\n\n<p class=\"has-medium-font-size\">Articles similaires<\/p>\n\n\n\n<figure class=\"wp-block-table\"><table class=\"has-fixed-layout\"><tbody><tr><td><br><br><br><\/td><\/tr><\/tbody><\/table><\/figure>\n\n\n\n<div class=\"wp-block-query is-layout-flow wp-block-query-is-layout-flow\"><ul class=\"wp-block-post-template is-layout-flow wp-block-post-template-is-layout-flow\"><li class=\"wp-block-post post-3497 post type-post status-publish format-standard has-post-thumbnail hentry category-aquarelles category-carton tag-aquarelle tag-orchidacee tag-orchidee tag-phalaenopsis tag-violet\">\n<h2 class=\"wp-block-post-title\"><a href=\"https:\/\/www.espacegraphique.com\/blog\/carton\/aquarelles\/aquarelle-dune-petite-orchidee-phalaenopsis-3497\" target=\"_self\" >Aquarelle d&rsquo;une petite orchid\u00e9e Phalaenopsis<\/a><\/h2>\n\n<figure class=\"alignwide wp-block-post-featured-image\"><a href=\"https:\/\/www.espacegraphique.com\/blog\/carton\/aquarelles\/aquarelle-dune-petite-orchidee-phalaenopsis-3497\" target=\"_self\"  ><img loading=\"lazy\" decoding=\"async\" width=\"640\" height=\"234\" src=\"https:\/\/www.espacegraphique.com\/blog\/wp-content\/uploads\/2017\/02\/petit-phalaenopsis-aquarelle.jpg\" class=\"attachment-post-thumbnail size-post-thumbnail wp-post-image\" alt=\"Aquarelle d&rsquo;une petite orchid\u00e9e Phalaenopsis\" style=\"object-fit:cover;\" srcset=\"https:\/\/www.espacegraphique.com\/blog\/wp-content\/uploads\/2017\/02\/petit-phalaenopsis-aquarelle.jpg 640w, https:\/\/www.espacegraphique.com\/blog\/wp-content\/uploads\/2017\/02\/petit-phalaenopsis-aquarelle-300x110.jpg 300w\" sizes=\"auto, (max-width: 640px) 100vw, 640px\" \/><\/a><\/figure>\n\n<div class=\"wp-block-post-excerpt\"><p class=\"wp-block-post-excerpt__excerpt\">Voici une petite aquarelle que je viens de terminer. <\/p><\/div>\n\n\n<hr class=\"wp-block-separator has-css-opacity\"\/>\n\n\n<div class=\"wp-block-post-date\"><time datetime=\"2017-02-25T13:34:29+02:00\">25 f\u00e9vrier 2017<\/time><\/div>\n<\/li><li class=\"wp-block-post post-3419 post type-post status-publish format-standard has-post-thumbnail hentry category-photos tag-escargot tag-fleur tag-orchidacee tag-orchidee tag-orchis tag-picardie\">\n<h2 class=\"wp-block-post-title\"><a href=\"https:\/\/www.espacegraphique.com\/blog\/photos\/orchis-bouc-en-baie-de-somme-3419\" target=\"_self\" >Orchis bouc en Baie de Somme<\/a><\/h2>\n\n<figure class=\"alignwide wp-block-post-featured-image\"><a href=\"https:\/\/www.espacegraphique.com\/blog\/photos\/orchis-bouc-en-baie-de-somme-3419\" target=\"_self\"  ><img loading=\"lazy\" decoding=\"async\" width=\"640\" height=\"234\" src=\"https:\/\/www.espacegraphique.com\/blog\/wp-content\/uploads\/2016\/07\/orchis-bouc.jpg\" class=\"attachment-post-thumbnail size-post-thumbnail wp-post-image\" alt=\"Orchis bouc en Baie de Somme\" style=\"object-fit:cover;\" srcset=\"https:\/\/www.espacegraphique.com\/blog\/wp-content\/uploads\/2016\/07\/orchis-bouc.jpg 640w, https:\/\/www.espacegraphique.com\/blog\/wp-content\/uploads\/2016\/07\/orchis-bouc-300x110.jpg 300w\" sizes=\"auto, (max-width: 640px) 100vw, 640px\" \/><\/a><\/figure>\n\n<div class=\"wp-block-post-excerpt\"><p class=\"wp-block-post-excerpt__excerpt\">La fleur de cette orchid\u00e9e sauvage est particuli\u00e8rement incroyable ! <\/p><\/div>\n\n\n<hr class=\"wp-block-separator has-css-opacity\"\/>\n\n\n<div class=\"wp-block-post-date\"><time datetime=\"2016-07-18T20:19:15+02:00\">18 juillet 2016<\/time><\/div>\n<\/li><li class=\"wp-block-post post-3089 post type-post status-publish format-standard has-post-thumbnail hentry category-photos tag-jardin tag-orchidee tag-rose tag-sepales\">\n<h2 class=\"wp-block-post-title\"><a href=\"https:\/\/www.espacegraphique.com\/blog\/photos\/orchidee-blettilla-hyacinthina-striata-3089\" target=\"_self\" >Orchid\u00e9e Blettilla hyacinthina striata<\/a><\/h2>\n\n<figure class=\"alignwide wp-block-post-featured-image\"><a href=\"https:\/\/www.espacegraphique.com\/blog\/photos\/orchidee-blettilla-hyacinthina-striata-3089\" target=\"_self\"  ><img loading=\"lazy\" decoding=\"async\" width=\"640\" height=\"240\" src=\"https:\/\/www.espacegraphique.com\/blog\/wp-content\/uploads\/2015\/06\/bletilla1.jpg\" class=\"attachment-post-thumbnail size-post-thumbnail wp-post-image\" alt=\"Orchid\u00e9e Blettilla hyacinthina striata\" style=\"object-fit:cover;\" srcset=\"https:\/\/www.espacegraphique.com\/blog\/wp-content\/uploads\/2015\/06\/bletilla1.jpg 640w, https:\/\/www.espacegraphique.com\/blog\/wp-content\/uploads\/2015\/06\/bletilla1-300x113.jpg 300w\" sizes=\"auto, (max-width: 640px) 100vw, 640px\" \/><\/a><\/figure>\n\n<div class=\"wp-block-post-excerpt\"><p class=\"wp-block-post-excerpt__excerpt\">Un labelle tigr\u00e9 dominant de beaux s\u00e9pales roses. <\/p><\/div>\n\n\n<hr class=\"wp-block-separator has-css-opacity\"\/>\n\n\n<div class=\"wp-block-post-date\"><time datetime=\"2015-06-09T22:03:40+02:00\">9 juin 2015<\/time><\/div>\n<\/li><li class=\"wp-block-post post-2802 post type-post status-publish format-standard has-post-thumbnail hentry category-photos tag-insecte tag-mouche tag-orchidee tag-syrphe tag-vanda\">\n<h2 class=\"wp-block-post-title\"><a href=\"https:\/\/www.espacegraphique.com\/blog\/photos\/bienvenue-chez-vanda-2802\" target=\"_self\" >Bienvenue chez Vanda<\/a><\/h2>\n\n<figure class=\"alignwide wp-block-post-featured-image\"><a href=\"https:\/\/www.espacegraphique.com\/blog\/photos\/bienvenue-chez-vanda-2802\" target=\"_self\"  ><img loading=\"lazy\" decoding=\"async\" width=\"640\" height=\"240\" src=\"https:\/\/www.espacegraphique.com\/blog\/wp-content\/uploads\/2014\/08\/vanda-bleu.jpg\" class=\"attachment-post-thumbnail size-post-thumbnail wp-post-image\" alt=\"Bienvenue chez Vanda\" style=\"object-fit:cover;\" srcset=\"https:\/\/www.espacegraphique.com\/blog\/wp-content\/uploads\/2014\/08\/vanda-bleu.jpg 640w, https:\/\/www.espacegraphique.com\/blog\/wp-content\/uploads\/2014\/08\/vanda-bleu-300x112.jpg 300w\" sizes=\"auto, (max-width: 640px) 100vw, 640px\" \/><\/a><\/figure>\n\n<div class=\"wp-block-post-excerpt\"><p class=\"wp-block-post-excerpt__excerpt\">En sortant le Vanda dehors pour faire la photo au soleil, j&rsquo;ai d\u00e9clench\u00e9 la curiosit\u00e9 d&rsquo;un Syrphe qui est venu faire un vol stationnaire en face du labelle de l&rsquo;orchid\u00e9e. <\/p><\/div>\n\n\n<hr class=\"wp-block-separator has-css-opacity\"\/>\n\n\n<div class=\"wp-block-post-date\"><time datetime=\"2014-08-02T11:30:22+02:00\">2 ao\u00fbt 2014<\/time><\/div>\n<\/li><\/ul><\/div>\n","protected":false},"excerpt":{"rendered":"<p>Description de la famille des Orchidac\u00e9es &gt; Photos Du Vanda vivant hors sol au Paphiopedilum, voici quelques photos d&rsquo;orchid\u00e9es vendues chez les fleuristes. Articles similaires<\/p>\n","protected":false},"author":1,"featured_media":4025,"parent":0,"menu_order":0,"comment_status":"closed","ping_status":"closed","template":"","meta":{"footnotes":""},"class_list":["post-3996","page","type-page","status-publish","has-post-thumbnail","hentry"],"aioseo_notices":[],"_links":{"self":[{"href":"https:\/\/www.espacegraphique.com\/blog\/wp-json\/wp\/v2\/pages\/3996","targetHints":{"allow":["GET"]}}],"collection":[{"href":"https:\/\/www.espacegraphique.com\/blog\/wp-json\/wp\/v2\/pages"}],"about":[{"href":"https:\/\/www.espacegraphique.com\/blog\/wp-json\/wp\/v2\/types\/page"}],"author":[{"embeddable":true,"href":"https:\/\/www.espacegraphique.com\/blog\/wp-json\/wp\/v2\/users\/1"}],"replies":[{"embeddable":true,"href":"https:\/\/www.espacegraphique.com\/blog\/wp-json\/wp\/v2\/comments?post=3996"}],"version-history":[{"count":3,"href":"https:\/\/www.espacegraphique.com\/blog\/wp-json\/wp\/v2\/pages\/3996\/revisions"}],"predecessor-version":[{"id":4244,"href":"https:\/\/www.espacegraphique.com\/blog\/wp-json\/wp\/v2\/pages\/3996\/revisions\/4244"}],"wp:featuredmedia":[{"embeddable":true,"href":"https:\/\/www.espacegraphique.com\/blog\/wp-json\/wp\/v2\/media\/4025"}],"wp:attachment":[{"href":"https:\/\/www.espacegraphique.com\/blog\/wp-json\/wp\/v2\/media?parent=3996"}],"curies":[{"name":"wp","href":"https:\/\/api.w.org\/{rel}","templated":true}]}}